{"id":1316,"date":"2023-12-14T12:07:17","date_gmt":"2023-12-14T12:07:17","guid":{"rendered":"https:\/\/cor.borbolycsaba.ro\/ro\/?page_id=1316"},"modified":"2024-04-29T06:43:50","modified_gmt":"2024-04-29T06:43:50","slug":"protectia-biodiversitatii-si-coexistenta-cu-carnivorele-mari-in-europa-provocari-si-oportunitati-pentru-autoritatile-locale-si-regionale","status":"publish","type":"page","link":"https:\/\/cor.borbolycsaba.ro\/ro\/?page_id=1316","title":{"rendered":"Protec\u021bia biodiversit\u0103\u021bii \u0219i coexisten\u021ba cu carnivorele mari \u00een Europa \u2013 provoc\u0103ri \u0219i oportunit\u0103\u021bi pentru autorit\u0103\u021bile locale \u0219i regionale"},"content":{"rendered":"<p style=\"font-weight: 400;\"><span style=\"text-transform: initial;\">\u00a0\u00cen cadrul celei de-a 20-a reuniuni a Comisiei pentru mediu, schimb\u0103ri climatice \u0219i energie (ENVE) din cadrul Comitetului European al Regiunilor, Borboly Csaba, pre\u0219edintele Consiliului Jude\u021bean Harghita,\u00a0 a primit un nou mandat pentru realizarea unui aviz privind coexisten\u021ba dintre oameni \u0219i carnivorele mari.<\/span><\/p>\n<p style=\"font-weight: 400;\">Noul aviz este o continuare a activit\u0103\u021bii pre\u0219edintelui, de peste 10 ani, cu scopul de a g\u0103si solu\u021bii \u00een protejarea carnivorelor mari, a biodiversit\u0103\u021bii dar \u0219i asigurarea unei coexisten\u021be pa\u0219nice \u00eentre oameni \u0219i carnivorele mari.<\/p>\n<p style=\"font-weight: 400;\">\u201eDup\u0103 un an \u00een care am f\u0103cut mult lobby la Bruxelles azi, la cea de-a 20-a reuniune a comisiei ENVE, am primit un nou mandat al Comitetului European al Regiunilor pentru elaborarea unui nou aviz \u00een problema coexisten\u021bei dintre oameni \u0219i carnivorele mari. Voi putea continua munca \u00eenceput\u0103 acum mai bine de 10 ani, pentru a g\u0103si, \u00eempreun\u0103 cu speciali\u0219tii, cele mai bune solu\u021bii pentru o coexisten\u021b\u0103 pa\u0219nic\u0103 \u0219i protejarea biodiversit\u0103\u021bii. Prin acest aviz voi \u00eencerca s\u0103 demonstrez c\u0103 implementarea Directivei Habitate este defectuoas\u0103 \u00een anumite state membre UE, subliniind c\u0103 via\u021ba oamenilor nu poate fi \u00een pericol. Avizul ne va ajuta sa vedem cum sunt atrase finan\u021b\u0103rile, unde ajung \u0219i cum pot fi folosite pentru efect real pozitiv asupra popula\u021biei, unde nu se atrag toate formele de finan\u021bare din partea UE \u0219i de ce nu sunt atrase. Am avut sus\u021binerea partidelor politice europene pentru preg\u0103tirea unui nou aviz care va fi prezentat \u00een plenara CoR din aprilie 2024. \u0218i p\u00e2n\u0103 acum am lucrat \u00een echip\u0103 \u0219i voi continua s\u0103 lucrez cu speciali\u0219tii, dar voi fi atent \u0219i la sugestiile \u0219i opiniile cet\u0103\u021benilor \u0219i a celor direct viza\u021bi\u201d, a apreciat Borboly Csaba.<\/p>\n<p style=\"font-weight: 400;\">Ministerul de resort a emis o serie de reglement\u0103ri dar situa\u021bia local\u0103 indic\u0103 necesitatea lu\u0103rii unor m\u0103suri suplimentare. \u00cen ultimii ani popula\u021bia de ur\u0219i a crescut exponen\u021bial ace\u0219tia fiind for\u021ba\u021bi s\u0103 migreze din habitatul natural, iar acest aspect a dus\u00a0 la cre\u0219terea interac\u021biunii dintre oameni \u0219i carnivorele mari, \u0219i automat la conflicte \u0219i sc\u0103derea siguran\u021bei \u00een comunitate.<\/p>\n<p style=\"font-weight: 400;\">Totodat\u0103, suprapopularea poate avea efecte asupra biodiversit\u0103\u021bii, \u0219i abandonarea practicilor agricole tradi\u021bionale din cauza pagubelor provocate de ur\u0219i poate duce la schimb\u0103ri \u00een utilizarea terenurilor.<\/p>\n<p style=\"font-weight: 400;\">Mai multe informa\u021bii privind activitatea lui Borboly Csaba, pre\u0219edintele Consiliului Jude\u021bean Harghita, la Comitetul European al Regiunilor pot fi lecturate aici:\u00a0<a href=\"https:\/\/www.borbolycsaba.ro\/ro\/?page_id=195\" data-saferedirecturl=\"https:\/\/www.google.com\/url?q=https:\/\/www.borbolycsaba.ro\/ro\/?page_id%3D195&amp;source=gmail&amp;ust=1702640814921000&amp;usg=AOvVaw27sS7kUgjhVOSWE6lLNri2\">https:\/\/www.borbolycsaba.ro\/ro\/?page_id=195<\/a>;\u00a0<a href=\"https:\/\/judetulharghita.ro\/activitati-internationale\/\" data-saferedirecturl=\"https:\/\/www.google.com\/url?q=https:\/\/judetulharghita.ro\/activitati-internationale\/&amp;source=gmail&amp;ust=1702640814921000&amp;usg=AOvVaw2rbais04_RKxDa9ZGucQSK\">https:\/\/judetulharghita.ro\/activitati-internationale\/<\/a>.<\/p>\n<p><strong><a href=\"https:\/\/cor.borbolycsaba.ro\/ro\/wp-content\/uploads\/2024\/04\/COR-2023-05585-00-00-AC-TRA-RO.docx\">AVIZ APROBAT<\/a><\/strong><\/p>\n<p style=\"font-weight: 400;\"><a href=\"https:\/\/cor.borbolycsaba.ro\/ro\/wp-content\/uploads\/2024\/01\/COR-2023-05585-00-00-PA-TRA-RO.docx\"><strong>Proiect de aviz\u00a0\u00a0<\/strong><\/a><\/p>\n<ol>\n<li style=\"font-weight: 400;\"><strong> Studii, documente de lucru:\u00a0<\/strong><\/li>\n<\/ol>\n<p style=\"font-weight: 400;\">&#8211; <a href=\"https:\/\/cor.borbolycsaba.ro\/ro\/wp-content\/uploads\/2023\/12\/carnivore-infographic.png\">Large carnivore inphographic, surs\u0103: CopaCocega<\/a><\/p>\n<p style=\"font-weight: 400;\">&#8211; <a href=\"https:\/\/cor.borbolycsaba.ro\/ro\/wp-content\/uploads\/2023\/12\/Propunere-de-aviz.docx\">Propunere de aviz din proprie ini\u021biativ\u0103 pe tema \u201eProtec\u021bia biodiversit\u0103\u021bii \u0219i coexisten\u021ba cu carnivorele mari \u00een Europa \u2013 provoc\u0103ri \u0219i oportunit\u0103\u021bi pentru autorit\u0103\u021bile locale \u0219i regionale<\/a><\/p>\n<p class=\"m_3098057238004966977MsoListParagraph\">\u00b7\u00a0\u00a0\u00a0\u00a0\u00a0\u00a0\u00a0<u><\/u><a href=\"https:\/\/op.europa.eu\/ro\/publication-detail\/-\/publication\/5d017e4e-9efc-11ee-b164-01aa75ed71a1\/language-en\/format-PDF\/source-299076073\">Situa\u021bia lupului (canis lupus) \u00een Uniunea European\u0103 &#8211; Analiz\u0103 detaliat\u0103\u00a0<\/a><u><\/u><\/p>\n<p class=\"m_3098057238004966977MsoListParagraph\"><u><\/u>\u00b7\u00a0\u00a0\u00a0\u00a0\u00a0\u00a0\u00a0<u><\/u><a href=\"https:\/\/ec.europa.eu\/commission\/presscorner\/detail\/ro\/ip_23_6752\">Comunicat de pres\u0103\u00a0<\/a><u><\/u><\/p>\n<p class=\"m_3098057238004966977MsoListParagraph\"><u><\/u>\u00b7\u00a0\u00a0\u00a0\u00a0\u00a0\u00a0\u00a0<u><\/u><a href=\"https:\/\/ec.europa.eu\/commission\/presscorner\/detail\/ro\/QANDA_23_6753\">\u00centreb\u0103ri \u0219i r\u0103spunsuri\u00a0<\/a><\/p>\n<p><a href=\"https:\/\/cor.borbolycsaba.ro\/ro\/wp-content\/uploads\/2023\/12\/RO_ComunicatFACE.docx\">Schimbarea statutului de protec\u021bie a lupilor \u00een Europa: R\u0103spunsul FACE cu privire la urm\u0103torii pa\u0219i\u00a0 &#8211; comunicat<\/a><\/p>\n<p><a href=\"https:\/\/cor.borbolycsaba.ro\/en\/wp-content\/uploads\/2024\/01\/LCIE-dossier-221223.docx\"><strong>PROTEC\u021aIA \u0218I COEXISTEN\u021aA CU CARNIVORELE MARI \u00ceN EUROPA<\/strong> &#8211; provoc\u0103ri \u0219i oportunit\u0103\u021bi pentru autorit\u0103\u021bile locale \u0219i regionale din cadrul Comitetului Regiunilor (CoR): Contribu\u021bie scris\u0103 din partea Junta de Castilla y Le\u00f3n &#8211; Direc\u021bia General\u0103 Patrimoniu natural \u0219i politic\u0103 forestier\u0103 (Autoritatea regional\u0103 pentru conservarea biodiversit\u0103\u021bii).<\/a><\/p>\n<ol start=\"2\">\n<li style=\"font-weight: 400;\">2<strong>. Calendar pentru discu\u021bii \u0219i adoptarea proiectului de aviz<\/strong><\/li>\n<\/ol>\n<p style=\"font-weight: 400;\">\u2013\u00a0 \u00eent\u00e2lniri cu stakeholderi \u2013 13 decembrie\u00a0 &#8211;\u00a0<a href=\"https:\/\/cor.borbolycsaba.ro\/ro\/?p=1312\" data-saferedirecturl=\"https:\/\/www.google.com\/url?q=https:\/\/cor.borbolycsaba.ro\/ro\/?p%3D1312&amp;source=gmail&amp;ust=1702640814921000&amp;usg=AOvVaw3CsRLRmnGSAbqbvLA4zA8_\">https:\/\/cor.borbolycsaba.ro\/ro\/?p=1312<\/a><\/p>\n<p style=\"font-weight: 400;\">\u2013 prima discu\u021bie \u0219i adoptare a proiectului de aviz la reuniunea ENVE din 8 februarie 2024<\/p>\n<p style=\"font-weight: 400;\">\u2013 adoptarea \u00een \u0219edin\u021ba plenar\u0103 din 17-18 aprilie 2024<\/p>\n<ol start=\"3\">\n<li style=\"font-weight: 400;\"><strong> \u0218tiri despre draftul proiectului de aviz:<\/strong><\/li>\n<\/ol>\n<p style=\"font-weight: 400;\">Borboly Csaba a fost mandatat de Comitetul European al Regiunilor s\u0103 elaboreze un nou aviz privind coexisten\u021ba dintre oameni \u0219i carnivorele mari \u2013 linkes\u00edtve:\u00a0<a href=\"https:\/\/www.borbolycsaba.ro\/ro\/?p=6780\" data-saferedirecturl=\"https:\/\/www.google.com\/url?q=https:\/\/www.borbolycsaba.ro\/ro\/?p%3D6780&amp;source=gmail&amp;ust=1702640814921000&amp;usg=AOvVaw0ldmIKgr2urPkv0pCPmYyw\">https:\/\/www.borbolycsaba.ro\/ro\/?p=6780<\/a><\/p>\n<p style=\"font-weight: 400;\">\u00a0Gestionarea durabil\u0103 a faunei s\u0103lbatice, protejarea biodiversit\u0103\u021bii \u0219i securitatea comunit\u0103\u021bii sunt prioritare la Bruxelles \u2013\u00a0linkes\u00edtve:\u00a0<a href=\"https:\/\/cor.borbolycsaba.ro\/ro\/?p=1312\" data-saferedirecturl=\"https:\/\/www.google.com\/url?q=https:\/\/cor.borbolycsaba.ro\/ro\/?p%3D1312&amp;source=gmail&amp;ust=1702640814921000&amp;usg=AOvVaw3CsRLRmnGSAbqbvLA4zA8_\">https:\/\/cor.borbolycsaba.ro\/ro\/?p=1312<\/a><\/p>\n<ol start=\"4\">\n<li style=\"font-weight: 400;\"><strong> Post\u0103ri FB<\/strong><\/li>\n<\/ol>\n<p style=\"font-weight: 400;\"><a href=\"https:\/\/www.borbolycsaba.ro\/borboly-csabat-bizta-meg-a-regiok-europai-bizottsaga-egy-ujabb-velemeny-elkeszitesevel-a-nagyragadozok-temakoreben\/\" data-saferedirecturl=\"https:\/\/www.google.com\/url?q=https:\/\/www.borbolycsaba.ro\/borboly-csabat-bizta-meg-a-regiok-europai-bizottsaga-egy-ujabb-velemeny-elkeszitesevel-a-nagyragadozok-temakoreben\/&amp;source=gmail&amp;ust=1702640814921000&amp;usg=AOvVaw2pGNyid42kmdAg670z9g_1\">https:\/\/www.borbolycsaba.ro\/borboly-csabat-bizta-meg-a-regiok-europai-bizottsaga-egy-ujabb-velemeny-elkeszitesevel-a-nagyragadozok-temakoreben\/\u00a0<\/a><\/p>\n<p style=\"font-weight: 400;\"><a href=\"https:\/\/www.facebook.com\/watch\/?v=1009102410156287\" data-saferedirecturl=\"https:\/\/www.google.com\/url?q=https:\/\/www.facebook.com\/watch\/?v%3D1009102410156287&amp;source=gmail&amp;ust=1702640814921000&amp;usg=AOvVaw0CuhvIyCmPdyxpbAe_J1bl\">https:\/\/www.facebook.com\/watch\/?v=1009102410156287<\/a><\/p>\n<p style=\"font-weight: 400;\"><a href=\"https:\/\/www.facebook.com\/watch\/?v=248464104649248\" data-saferedirecturl=\"https:\/\/www.google.com\/url?q=https:\/\/www.facebook.com\/watch\/?v%3D248464104649248&amp;source=gmail&amp;ust=1702640814921000&amp;usg=AOvVaw35XyklUQEA-PBHN0Kneo8P\">https:\/\/www.facebook.com\/watch\/?v=248464104649248<\/a><\/p>\n<p style=\"font-weight: 400;\"><a href=\"https:\/\/www.facebook.com\/borbolycsaba.ro\/videos\/312799571595643\" data-saferedirecturl=\"https:\/\/www.google.com\/url?q=https:\/\/www.facebook.com\/borbolycsaba.ro\/videos\/312799571595643&amp;source=gmail&amp;ust=1702640814921000&amp;usg=AOvVaw3yi5ZD71DmMOx7Xe0DDznr\">https:\/\/www.facebook.com\/borbolycsaba.ro\/videos\/312799571595643<\/a><\/p>\n","protected":false},"excerpt":{"rendered":"<p>\u00a0\u00cen cadrul celei de-a 20-a reuniuni a Comisiei pentru mediu, schimb\u0103ri climatice \u0219i energie (ENVE) din cadrul Comitetului European al Regiunilor, Borboly Csaba, pre\u0219edintele Consiliului Jude\u021bean Harghita,\u00a0 a primit un nou mandat pentru realizarea unui aviz privind coexisten\u021ba dintre oameni \u0219i carnivorele mari. Noul aviz este o continuare a activit\u0103\u021bii pre\u0219edintelui, de peste 10 ani, [&hellip;]<\/p>\n","protected":false},"author":1,"featured_media":1317,"parent":0,"menu_order":0,"comment_status":"closed","ping_status":"closed","template":"","meta":{"_bbp_topic_count":0,"_bbp_reply_count":0,"_bbp_total_topic_count":0,"_bbp_total_reply_count":0,"_bbp_voice_count":0,"_bbp_anonymous_reply_count":0,"_bbp_topic_count_hidden":0,"_bbp_reply_count_hidden":0,"_bbp_forum_subforum_count":0,"footnotes":""},"_links":{"self":[{"href":"https:\/\/cor.borbolycsaba.ro\/ro\/index.php?rest_route=\/wp\/v2\/pages\/1316"}],"collection":[{"href":"https:\/\/cor.borbolycsaba.ro\/ro\/index.php?rest_route=\/wp\/v2\/pages"}],"about":[{"href":"https:\/\/cor.borbolycsaba.ro\/ro\/index.php?rest_route=\/wp\/v2\/types\/page"}],"author":[{"embeddable":true,"href":"https:\/\/cor.borbolycsaba.ro\/ro\/index.php?rest_route=\/wp\/v2\/users\/1"}],"replies":[{"embeddable":true,"href":"https:\/\/cor.borbolycsaba.ro\/ro\/index.php?rest_route=%2Fwp%2Fv2%2Fcomments&post=1316"}],"version-history":[{"count":8,"href":"https:\/\/cor.borbolycsaba.ro\/ro\/index.php?rest_route=\/wp\/v2\/pages\/1316\/revisions"}],"predecessor-version":[{"id":1385,"href":"https:\/\/cor.borbolycsaba.ro\/ro\/index.php?rest_route=\/wp\/v2\/pages\/1316\/revisions\/1385"}],"wp:featuredmedia":[{"embeddable":true,"href":"https:\/\/cor.borbolycsaba.ro\/ro\/index.php?rest_route=\/wp\/v2\/media\/1317"}],"wp:attachment":[{"href":"https:\/\/cor.borbolycsaba.ro\/ro\/index.php?rest_route=%2Fwp%2Fv2%2Fmedia&parent=1316"}],"curies":[{"name":"wp","href":"https:\/\/api.w.org\/{rel}","templated":true}]}}