{"id":1250,"date":"2023-07-28T04:03:47","date_gmt":"2023-07-28T04:03:47","guid":{"rendered":"https:\/\/cor.borbolycsaba.ro\/ro\/?page_id=1250"},"modified":"2023-07-28T04:03:47","modified_gmt":"2023-07-28T04:03:47","slug":"modernizarea-invatamantului-preuniversitar-si-a-invatamantului-superior-2","status":"publish","type":"page","link":"https:\/\/cor.borbolycsaba.ro\/ro\/?page_id=1250","title":{"rendered":"Modernizarea \u00eenv\u0103\u021b\u0103m\u00e2ntului preuniversitar \u015fi a \u00eenv\u0103\u021b\u0103m\u00e2ntului superior"},"content":{"rendered":"<p style=\"font-weight: 400;\"><strong>Opinia:<\/strong><\/p>\n<p style=\"font-weight: 400;\">\u00a0&#8211;\u00a0\u00a0\u00a0\u00a0\u00a0\u00a0\u00a0\u00a0\u00a0\u00a0\u00a0 consider\u0103 c\u0103 este momentul s\u0103 se realizeze investi\u021bii substan\u021biale \u00een infrastructura educa\u021bional\u0103, at\u00e2t \u00een regiunile mai avansate, c\u00e2t \u0219i \u00een regiunile mai pu\u021bin dezvoltate, av\u00e2nd grij\u0103 ca investi\u021biile coordonate s\u0103 fie \u00een permanen\u021b\u0103 adaptate la specificit\u0103\u021bile teritoriului respectiv. \u00cen acest sens, este extrem de important s\u0103 creasc\u0103 sprijinul acordat de Banca European\u0103 de Investi\u021bii \u0219i de fondurile europene de dezvoltare regional\u0103 ini\u021biativelor regionale care vizeaz\u0103 dezvoltarea educa\u021biei;<\/p>\n<p style=\"font-weight: 400;\">&#8211;\u00a0\u00a0\u00a0\u00a0\u00a0\u00a0\u00a0\u00a0\u00a0\u00a0\u00a0\u00a0 recunoa\u0219te c\u0103 preg\u0103tirea pedagogic\u0103, psihologic\u0103 \u0219i metodologic\u0103 a cadrelor didactice \u0219i a formatorilor, precum \u0219i a personalului didactic din \u00eenv\u0103\u021b\u0103m\u00e2ntul superior reprezint\u0103 o condi\u021bie esen\u021bial\u0103 pentru succesul educa\u021biei viitoare \u0219i consider\u0103, prin urmare, c\u0103 \u00een acest domeniu, caracterizat de o dezvoltare dinamic\u0103, este deosebit de necesar s\u0103 se fac\u0103 schimb de bune practici (pe care personalul respectiv le-ar putea descoperi \u0219i dob\u00e2ndi \u00een cadrul mobilit\u0103\u021bii oferite de programul Erasmus) \u0219i s\u0103 se sprijine proiectele de inovare comune;<\/p>\n<p style=\"font-weight: 400;\">&#8211;\u00a0\u00a0\u00a0\u00a0\u00a0\u00a0\u00a0\u00a0\u00a0\u00a0\u00a0\u00a0 subliniaz\u0103 c\u0103, \u00een ceea ce prive\u0219te institu\u021biile de \u00eenv\u0103\u021b\u0103m\u00e2nt, formare profesional\u0103 \u0219i, dup\u0103 caz, de \u00eenv\u0103\u021b\u0103m\u00e2nt superior \u00een care se pred\u0103 \u00een limbile minorit\u0103\u021bilor na\u021bionale sau etnice, trebuie s\u0103 se evite orice limitare a accesului la educa\u021bie pentru elevii apar\u021bin\u00e2nd unei minorit\u0103\u021bi \u0219i s\u0103 se instituie sisteme care s\u0103 permit\u0103 oric\u0103rui absolvent care provine din comunit\u0103\u021bi minoritare sau de imigran\u021bi din alte \u021b\u0103ri ale UE s\u0103 beneficieze de accesul la formarea continu\u0103 \u0219i la ocuparea unui loc de munc\u0103 \u00een condi\u021bii egale \u00een raport cu ceilal\u021bi absolven\u021bi;<\/p>\n<p style=\"font-weight: 400;\">&#8211;\u00a0\u00a0\u00a0\u00a0\u00a0\u00a0\u00a0\u00a0\u00a0\u00a0\u00a0\u00a0 recunoa\u015fte c\u0103, \u00een mai multe state membre, \u0219colile \u0219i institu\u021biile de \u00eenv\u0103\u021b\u0103m\u00e2nt religios, precum \u0219i institu\u021biile de \u00eenv\u0103\u021b\u0103m\u00e2nt, de formare profesional\u0103 \u0219i de \u00eenv\u0103\u021b\u0103m\u00e2nt superior gestionate de culte sau de organiza\u021bii religioase, aduc o contribu\u021bie la \u00eenv\u0103\u021b\u0103m\u00e2ntul general \u0219i superior din Europa; prin urmare, aceste institu\u0163ii, ca de altfel orice institu\u0163ie de \u00eenv\u0103\u021b\u0103m\u00e2nt, nu trebuie s\u0103 fac\u0103 obiectul niciunei discrimin\u0103ri, c\u00e2t timp aplic\u0103 programa \u015fcolar\u0103 stabilit\u0103 la nivel na\u021bional. Totodat\u0103, subliniaz\u0103 c\u0103 educa\u021bia laic\u0103 \u0219i respectul fa\u021b\u0103 de diferitele religii \u0219i convingeri sunt elemente de baz\u0103 ale integr\u0103rii europene.<\/p>\n<p style=\"font-weight: 400;\"><a href=\"https:\/\/cor.europa.eu\/en\/our-work\/Pages\/OpinionTimeline.aspx?opId=CDR-3139-2017\" data-saferedirecturl=\"https:\/\/www.google.com\/url?q=https:\/\/cor.europa.eu\/en\/our-work\/Pages\/OpinionTimeline.aspx?opId%3DCDR-3139-2017&amp;source=gmail&amp;ust=1690602623161000&amp;usg=AOvVaw3D7zWY0BCNs3epRnmZJIbz\">https:\/\/cor.europa.eu\/en\/our-work\/Pages\/OpinionTimeline.aspx?opId=CDR-3139-2017<\/a><\/p>\n<p><a href=\"https:\/\/cor.borbolycsaba.ro\/ro\/wp-content\/uploads\/2023\/07\/Modernizarea-invatamantului-preuniversitar-si-a-invatamantului-superior.docx\">Modernizarea \u00eenv\u0103\u021b\u0103m\u00e2ntului preuniversitar \u015fi a \u00eenv\u0103\u021b\u0103m\u00e2ntului superior<\/a><\/p>\n","protected":false},"excerpt":{"rendered":"<p>Opinia: \u00a0&#8211;\u00a0\u00a0\u00a0\u00a0\u00a0\u00a0\u00a0\u00a0\u00a0\u00a0\u00a0 consider\u0103 c\u0103 este momentul s\u0103 se realizeze investi\u021bii substan\u021biale \u00een infrastructura educa\u021bional\u0103, at\u00e2t \u00een regiunile mai avansate, c\u00e2t \u0219i \u00een regiunile mai pu\u021bin dezvoltate, av\u00e2nd grij\u0103 ca investi\u021biile coordonate s\u0103 fie \u00een permanen\u021b\u0103 adaptate la specificit\u0103\u021bile teritoriului respectiv. \u00cen acest sens, este extrem de important s\u0103 creasc\u0103 sprijinul acordat de Banca European\u0103 de [&hellip;]<\/p>\n","protected":false},"author":1,"featured_media":1252,"parent":0,"menu_order":0,"comment_status":"closed","ping_status":"closed","template":"","meta":{"_bbp_topic_count":0,"_bbp_reply_count":0,"_bbp_total_topic_count":0,"_bbp_total_reply_count":0,"_bbp_voice_count":0,"_bbp_anonymous_reply_count":0,"_bbp_topic_count_hidden":0,"_bbp_reply_count_hidden":0,"_bbp_forum_subforum_count":0,"footnotes":""},"_links":{"self":[{"href":"https:\/\/cor.borbolycsaba.ro\/ro\/index.php?rest_route=\/wp\/v2\/pages\/1250"}],"collection":[{"href":"https:\/\/cor.borbolycsaba.ro\/ro\/index.php?rest_route=\/wp\/v2\/pages"}],"about":[{"href":"https:\/\/cor.borbolycsaba.ro\/ro\/index.php?rest_route=\/wp\/v2\/types\/page"}],"author":[{"embeddable":true,"href":"https:\/\/cor.borbolycsaba.ro\/ro\/index.php?rest_route=\/wp\/v2\/users\/1"}],"replies":[{"embeddable":true,"href":"https:\/\/cor.borbolycsaba.ro\/ro\/index.php?rest_route=%2Fwp%2Fv2%2Fcomments&post=1250"}],"version-history":[{"count":1,"href":"https:\/\/cor.borbolycsaba.ro\/ro\/index.php?rest_route=\/wp\/v2\/pages\/1250\/revisions"}],"predecessor-version":[{"id":1253,"href":"https:\/\/cor.borbolycsaba.ro\/ro\/index.php?rest_route=\/wp\/v2\/pages\/1250\/revisions\/1253"}],"wp:featuredmedia":[{"embeddable":true,"href":"https:\/\/cor.borbolycsaba.ro\/ro\/index.php?rest_route=\/wp\/v2\/media\/1252"}],"wp:attachment":[{"href":"https:\/\/cor.borbolycsaba.ro\/ro\/index.php?rest_route=%2Fwp%2Fv2%2Fmedia&parent=1250"}],"curies":[{"name":"wp","href":"https:\/\/api.w.org\/{rel}","templated":true}]}}