{"id":1233,"date":"2023-07-27T12:49:18","date_gmt":"2023-07-27T12:49:18","guid":{"rendered":"https:\/\/cor.borbolycsaba.ro\/ro\/?page_id=1233"},"modified":"2023-12-14T13:02:44","modified_gmt":"2023-12-14T13:02:44","slug":"promovarea-politicilor-culturale-in-zonele-rurale-in-cadrul-strategiilor-de-dezvoltare-si-coeziune-teritoriala-si-al-agendei-2030","status":"publish","type":"page","link":"https:\/\/cor.borbolycsaba.ro\/ro\/?page_id=1233","title":{"rendered":"Promovarea politicilor culturale \u00een zonele rurale \u00een cadrul strategiilor de dezvoltare \u0219i coeziune teritorial\u0103 \u0219i al Agendei 2030"},"content":{"rendered":"<p style=\"font-weight: 400;\"><span style=\"font-weight: 400; text-transform: initial;\">\u00a0Comitetul European al Regiunilor (CoR) elaboreaz\u0103 un aviz privind promovarea politicilor culturale \u00een zonele rurale \u00een cadrul strategiilor de dezvoltare \u0219i coeziune teritorial\u0103 \u0219i al Agendei 2030. La 17 iulie, raportorul, dl Csaba Borboly (RO\/PPE), pre\u0219edintele Consiliului Jude\u021bean Harghita, \u00eempreun\u0103 cu expertul s\u0103u, dl L\u00e1szl\u00f3 Cs\u00e1k, s-au \u00eent\u00e2lnit cu reprezentan\u021bii organiza\u021biilor p\u0103r\u021bilor interesate relevante pentru o consultare pe tema avizului, pentru a aduna diferitele puncte de vedere \u0219i a discuta principalele probleme.<\/span><\/p>\n<p style=\"font-weight: 400;\">\u00cen timpul consult\u0103rii p\u0103r\u021bilor interesate desf\u0103\u0219urat\u0103 la Bruxelles, raportorul a colectat opinii\/idei\/comentarii cu privire la subiectele discutate.<\/p>\n<p style=\"font-weight: 400;\"><a href=\"https:\/\/cor.europa.eu\/hu\/events\/Pages\/cultural-policies-rural-areas.aspx\" data-saferedirecturl=\"https:\/\/www.google.com\/url?q=https:\/\/cor.europa.eu\/hu\/events\/Pages\/cultural-policies-rural-areas.aspx&amp;source=gmail&amp;ust=1690545066027000&amp;usg=AOvVaw3pgAEDocv79lB66ed4BGfP\">https:\/\/cor.europa.eu\/hu\/events\/Pages\/cultural-policies-rural-areas.aspx<\/a><\/p>\n<p><a href=\"https:\/\/cor.borbolycsaba.ro\/ro\/wp-content\/uploads\/2023\/09\/COR-2023-03454-00-00-PA-TRA-RO1.docx\"><b>Proiect de aviz<\/b><\/a><\/p>\n<p style=\"font-weight: 400;\"><strong><em>\u00a0<\/em><\/strong><\/p>\n<ol>\n<li style=\"font-weight: 400;\"><strong><em> Studii, documente de lucru:<\/em><\/strong><\/li>\n<\/ol>\n<ul>\n<li style=\"font-weight: 400;\"><a href=\"https:\/\/cor.borbolycsaba.ro\/ro\/wp-content\/uploads\/2023\/07\/CoR-Exchange-of-Views-Culture-and-Rural-Areas-REGIO-written-contribution.docx\">Contribu\u021bia scris\u0103 a DG REGIO care prezint\u0103 sprijinul politicii de coeziune pentru cultur\u0103, inclusiv \u00een zonele rurale, \u00een perioada de programare 2021-2027\u00a0<\/a><\/li>\n<li style=\"font-weight: 400;\">Agenda Teritoriala 2030\u00a0<a href=\"https:\/\/territorialagenda.eu\/wp-content\/uploads\/TA2030_RO_romana.pdf\" data-saferedirecturl=\"https:\/\/www.google.com\/url?q=https:\/\/territorialagenda.eu\/wp-content\/uploads\/TA2030_RO_romana.pdf&amp;source=gmail&amp;ust=1690545066027000&amp;usg=AOvVaw0YIbJqD_f21QxN9COnYA70\">https:\/\/territorialagenda.eu\/wp-content\/uploads\/TA2030_RO_romana.pdf<\/a><\/li>\n<li style=\"font-weight: 400;\">Studiu NAT privind costul non-ruralit\u0103\u021bii:\u00a0<a href=\"https:\/\/cor.europa.eu\/en\/engage\/studies\/Documents\/Study_the_cost_of_non_rurality.pdf\" data-saferedirecturl=\"https:\/\/www.google.com\/url?q=https:\/\/cor.europa.eu\/en\/engage\/studies\/Documents\/Study_the_cost_of_non_rurality.pdf&amp;source=gmail&amp;ust=1690545066027000&amp;usg=AOvVaw3Q3520fils3Pvm5_Hee34u\">https:\/\/cor.europa.eu\/en\/engage\/studies\/Documents\/Study_the_cost_of_non_rurality.pdf<\/a><\/li>\n<li style=\"font-weight: 400;\">Documente \u0219i resurse elaborate din Programul Cultur\u0103 \u0219i Ruralit\u0103\u021bi al Ministerului Culturii din Spania:<\/li>\n<li style=\"font-weight: 400;\">A g\u00e2ndind \u0219i a f\u0103c\u00e2nd\u00een zonele rurale, practicile culturale \u00een context:<a href=\"https:\/\/culturayciudadania.culturaydeporte.gob.es\/dam\/jcr:637a7893-3165-4f31-afbd-5d7a719b22c1\/thinking-and-doing-in-rural-areas.pdf\" data-saferedirecturl=\"https:\/\/www.google.com\/url?q=https:\/\/culturayciudadania.culturaydeporte.gob.es\/dam\/jcr:637a7893-3165-4f31-afbd-5d7a719b22c1\/thinking-and-doing-in-rural-areas.pdf&amp;source=gmail&amp;ust=1690545066027000&amp;usg=AOvVaw0dXI-1gyHfrqdsOBX-vUjK\">Thinking and doing in rural areas. Cultural practices in context<\/a><\/li>\n<li style=\"font-weight: 400;\">Concluziile Primului Forum Cultur\u0103 \u0219i Ruralit\u0103\u021bi:<a href=\"https:\/\/culturayciudadania.culturaydeporte.gob.es\/dam\/jcr:9dd73728-d348-42d7-af49-f20ebaededcd\/conclusions-culture-and-ruralities-iforum.pdf\" data-saferedirecturl=\"https:\/\/www.google.com\/url?q=https:\/\/culturayciudadania.culturaydeporte.gob.es\/dam\/jcr:9dd73728-d348-42d7-af49-f20ebaededcd\/conclusions-culture-and-ruralities-iforum.pdf&amp;source=gmail&amp;ust=1690545066027000&amp;usg=AOvVaw0kdHqzSSmLVvBfiY70OStW\">Conclusions<\/a><\/li>\n<li style=\"font-weight: 400;\">Programul Forumului VI Cultur\u0103 \u0219i Ruralit\u0103\u021bi (iulie 2023):<a href=\"https:\/\/culturayciudadania.culturaydeporte.gob.es\/dam\/jcr:ea29969d-5210-431b-aaab-a9811a333e68\/programa-de-mano-vi-foro-cyr-vdigital-19mb.pdf\" data-saferedirecturl=\"https:\/\/www.google.com\/url?q=https:\/\/culturayciudadania.culturaydeporte.gob.es\/dam\/jcr:ea29969d-5210-431b-aaab-a9811a333e68\/programa-de-mano-vi-foro-cyr-vdigital-19mb.pdf&amp;source=gmail&amp;ust=1690545066027000&amp;usg=AOvVaw2IzB-CNob91Rc2dO88bhXe\">VI Culture and Ruralities Forum<\/a><\/li>\n<li style=\"font-weight: 400;\">European Mapping Culture and Ruralities:<a href=\"https:\/\/www.google.com\/maps\/d\/viewer?mid=1MrWqwaQxY367jQXWKA-GfNqvHhjy2D32&amp;ll=38.85896824172291%2C-5.243655471255568&amp;z=6\" data-saferedirecturl=\"https:\/\/www.google.com\/url?q=https:\/\/www.google.com\/maps\/d\/viewer?mid%3D1MrWqwaQxY367jQXWKA-GfNqvHhjy2D32%26ll%3D38.85896824172291%252C-5.243655471255568%26z%3D6&amp;source=gmail&amp;ust=1690545066027000&amp;usg=AOvVaw2FUbVvU-6xSgrtx9pf11g0\">European Mapping Culture and Ruralities<\/a><\/li>\n<li style=\"font-weight: 400;\">Strategia na\u021bional\u0103 \u00eempotriva provoc\u0103rii demografice (130 de m\u0103suri):<a href=\"https:\/\/www.miteco.gob.es\/es\/reto-demografico\/temas\/medidas-reto-demografico\/\" data-saferedirecturl=\"https:\/\/www.google.com\/url?q=https:\/\/www.miteco.gob.es\/es\/reto-demografico\/temas\/medidas-reto-demografico\/&amp;source=gmail&amp;ust=1690545066027000&amp;usg=AOvVaw3XvCpUBwk1RKIslKCgJrLP\">National Strategy against the Demographic Challenge<\/a><\/li>\n<li style=\"font-weight: 400;\">Articol de Elena Polivtseva pe tema \u201eArta \u00een zonele rurale\u201d:<a href=\"https:\/\/culturayciudadania.culturaydeporte.gob.es\/dam\/jcr:25dcc5de-829d-4a96-9d10-16e73ee3b207\/arts-in-rural-areas-def-elena-polivtseva.pdf\" data-saferedirecturl=\"https:\/\/www.google.com\/url?q=https:\/\/culturayciudadania.culturaydeporte.gob.es\/dam\/jcr:25dcc5de-829d-4a96-9d10-16e73ee3b207\/arts-in-rural-areas-def-elena-polivtseva.pdf&amp;source=gmail&amp;ust=1690545066027000&amp;usg=AOvVaw3fK6Mfv7FYMVLvg0IYJNdx\">Article<\/a><\/li>\n<li style=\"font-weight: 400;\">Not\u0103 conceptual\u0103 pentru avizul <a href=\"https:\/\/cor.borbolycsaba.ro\/ro\/wp-content\/uploads\/2023\/07\/CONCEPT-NOTE-CULTURAL-POLICIES-IN-RURAL-AREAS-hu.docx\">\u201ePromovarea politicilor culturale \u00een zonele rurale \u00een cadrul strategiilor de dezvoltare \u0219i coeziune teritorial\u0103 \u0219i al agendei 2030\u201d\u00a0\u00a0<\/a><\/li>\n<li style=\"font-weight: 400;\">Continuit\u0103\u021bi \u2013 Discontinuit\u0103\u021bi. Arte, crea\u021bie \u0219i ruralit\u0103\u021bi contemporane \u00een Europa:\u00a0<a href=\"https:\/\/culturayciudadania.culturaydeporte.gob.es\/cultura-medio-rural\/6-foro\/programa-ingles.html\" data-saferedirecturl=\"https:\/\/www.google.com\/url?q=https:\/\/culturayciudadania.culturaydeporte.gob.es\/cultura-medio-rural\/6-foro\/programa-ingles.html&amp;source=gmail&amp;ust=1690545066027000&amp;usg=AOvVaw0XHi3xe0P5XayHknxE36uz\">https:\/\/culturayciudadania.culturaydeporte.gob.es\/cultura-medio-rural\/6-foro\/programa-ingles.html<\/a><\/li>\n<li style=\"font-weight: 400;\">Cartografia european\u0103 a proiectelor culturale \u00een zonele rurale:\u00a0<a href=\"https:\/\/www.google.com\/maps\/d\/viewer?mid=1MrWqwaQxY367jQXWKA-GfNqvHhjy2D32&amp;ll=41.59965214538601%2C7.8110714264&amp;\" data-saferedirecturl=\"https:\/\/www.google.com\/url?q=https:\/\/www.google.com\/maps\/d\/viewer?mid%3D1MrWqwaQxY367jQXWKA-GfNqvHhjy2D32%26ll%3D41.59965214538601%252C7.8110714264%26&amp;source=gmail&amp;ust=1690545066027000&amp;usg=AOvVaw0yjUD7226LmPWlZvui6uDm\">https:\/\/www.google.com\/maps\/d\/viewer?mid=1MrWqwaQxY367jQXWKA-GfNqvHhjy2D32&amp;ll=41.59965214538601%2C7.8110714264&amp;<\/a><\/li>\n<\/ul>\n<ol start=\"2\">\n<li style=\"font-weight: 400;\"><strong><em>Calendar pentru discu\u021bii \u0219i adoptarea proiectului de aviz<\/em><\/strong><\/li>\n<\/ol>\n<p style=\"font-weight: 400;\">&#8211; \u00a0\u00eent\u00e2lniri cu stakeholder<\/p>\n<p style=\"font-weight: 400;\">&#8211; prima discu\u021bie \u0219i adoptare a proiectului de aviz la reuniunea SEDEC din 2 octombrie 2023.<\/p>\n<p style=\"font-weight: 400;\">&#8211; adoptarea \u00een \u0219edin\u021ba plenar\u0103 din 29-30 noiembrie 2023.<\/p>\n<p><a href=\"https:\/\/cor.borbolycsaba.ro\/wp-content\/uploads\/2023\/08\/POLICY-ANALYSIS-CULTURAL-POLICIES-IN-RURAL-AREAS-04.08.2023.docx\">POLICY ANALYSIS CULTURAL POLICIES IN RURAL AREAS\u00a0<\/a><\/p>\n<p><b>3. \u0218tiri despre draftul proiectului de aviz:<\/b><\/p>\n<p>&nbsp;<\/p>\n<p><a href=\"https:\/\/uncjr.ro\/web\/proiectul-de-aviz-al-presedintelui-cj-harghita-aprobat-de-comisia-sedec-a-comitetului-european-al-regiunilor\/\">Proiectul de aviz al pre\u0219edintelui CJ Harghita aprobat de Comisia SEDEC a Comitetului european al Regiunilor<\/a><\/p>\n<p><a href=\"https:\/\/ziarharghita.ro\/borboly-csaba-a-primit-unda-verde-la-bruxelles-in-comisia-de-specialitate-pentru-avizul-privind-dezvoltarea-zonelor-rurale-prin-cultura\">Borboly Csaba a primit und\u0103 verde la Bruxelles, \u00een comisia de specialitate, pentru avizul privind dezvoltarea zonelor rurale prin cultur\u0103<\/a><\/p>\n<p><a href=\"https:\/\/ziarelocale24.ro\/cultura-catalizator-al-dezvoltarii-zonelor-rurale\/627921\">Cultura, catalizator al dezvolt\u0103rii zonelor rurale<\/a><\/p>\n<p><a href=\"https:\/\/viitorulilfovean.ro\/cultura-catalizator-al-dezvoltarii-zonelor-rurale\/\">Cultura, catalizator al dezvolt\u0103rii zonelor rurale<\/a><\/p>\n<p><a href=\"https:\/\/judetulharghita.ro\/pregatirea-pentru-noul-ciclu-de-finantare-ue-trebuie-facuta-din-timp-deciziile-luate-azi-vor-avea-impact-in-viitor-in-privinta-dezvoltarii-comunitatilor\/\">Preg\u0103tirea pentru noul ciclu de finan\u021bare UE trebuie f\u0103cut\u0103 din timp \u2013 deciziile luate azi vor avea impact \u00een viitor \u00een privin\u021ba dezvolt\u0103rii comunit\u0103\u021bilor<\/a><\/p>\n<p><a href=\"https:\/\/judetulharghita.ro\/sustinere-financiara-sporita-si-adecvata-pentru-dezvoltarea-mediului-rural-al-ue\/\">Sus\u021binere financiar\u0103 \u0219i adecvat\u0103 pentru dezvoltarea mediului rural al UE<\/a><\/p>\n<p><a href=\"https:\/\/judetulharghita.ro\/borboly-csaba-a-primit-unda-verde-la-bruxelles-in-comisia-de-specialitate-pentru-avizul-privind-dezvoltarea-zonelor-rurale-prin-cultura\/\">Borboly Csaba a primit und\u0103 verde la Bruxelles, \u00een comisia de specialitate, pentru avizul privind dezvoltarea zonelor rurale prin cultur\u0103<\/a><\/p>\n<p style=\"font-weight: 400;\"><strong><em>Post\u0103ri FB<\/em><\/strong><\/p>\n<p style=\"font-weight: 400;\"><a href=\"https:\/\/www.facebook.com\/borbolycsaba.ro\/posts\/pfbid0gLmfSw1idi11x71pakWjVnEuWendBABNWVTZ6jSH5s2tQE1iQ5ZA9ZYVRoQwAhCAl\" data-saferedirecturl=\"https:\/\/www.google.com\/url?q=https:\/\/www.facebook.com\/borbolycsaba.ro\/posts\/pfbid0gLmfSw1idi11x71pakWjVnEuWendBABNWVTZ6jSH5s2tQE1iQ5ZA9ZYVRoQwAhCAl&amp;source=gmail&amp;ust=1701248124371000&amp;usg=AOvVaw0kfnf5R1nRCJmKoxvi1cFs\">https:\/\/www.facebook.com\/borbolycsaba.ro\/posts\/pfbid0gLmfSw1idi11x71pakWjVnEuWendBABNWVTZ6jSH5s2tQE1iQ5ZA9ZYVRoQwAhCAl<\/a><\/p>\n<p style=\"font-weight: 400;\"><a href=\"https:\/\/www.facebook.com\/borbolycsaba.ro\/posts\/pfbid02hfDWWLnhDxawWxiw7tGwdzrc7fEXkihDxLcZMKsf5qvcSu8RfbhaskLmSGRSpe9kl\" data-saferedirecturl=\"https:\/\/www.google.com\/url?q=https:\/\/www.facebook.com\/borbolycsaba.ro\/posts\/pfbid02hfDWWLnhDxawWxiw7tGwdzrc7fEXkihDxLcZMKsf5qvcSu8RfbhaskLmSGRSpe9kl&amp;source=gmail&amp;ust=1701248124371000&amp;usg=AOvVaw1wfCK05E4AxqwJ8Fx84lkZ\">https:\/\/www.facebook.com\/borbolycsaba.ro\/posts\/pfbid02hfDWWLnhDxawWxiw7tGwdzrc7fEXkihDxLcZMKsf5qvcSu8RfbhaskLmSGRSpe9kl<\/a><\/p>\n<p style=\"font-weight: 400;\"><a href=\"https:\/\/www.facebook.com\/borbolycsaba.ro\/posts\/pfbid02hs1dHTwTKxP2vZUzKMZ684fBdGKESDR6bgic9vasb4ajvafaT6siKkCoqtfPFF19l\" data-saferedirecturl=\"https:\/\/www.google.com\/url?q=https:\/\/www.facebook.com\/borbolycsaba.ro\/posts\/pfbid02hs1dHTwTKxP2vZUzKMZ684fBdGKESDR6bgic9vasb4ajvafaT6siKkCoqtfPFF19l&amp;source=gmail&amp;ust=1701248124371000&amp;usg=AOvVaw3-Jhe-EPCHR0MwcFH1LekD\">https:\/\/www.facebook.com\/borbolycsaba.ro\/posts\/pfbid02hs1dHTwTKxP2vZUzKMZ684fBdGKESDR6bgic9vasb4ajvafaT6siKkCoqtfPFF19l<\/a><\/p>\n<p style=\"font-weight: 400;\"><a href=\"https:\/\/www.facebook.com\/borbolycsaba.ro\/posts\/pfbid0tbjDWJLYKZP1dZtmt49FmNHNK33KTHk2mSJxQE6NeDWK2uCHFH9YDgLcSKFuVQN8l\" data-saferedirecturl=\"https:\/\/www.google.com\/url?q=https:\/\/www.facebook.com\/borbolycsaba.ro\/posts\/pfbid0tbjDWJLYKZP1dZtmt49FmNHNK33KTHk2mSJxQE6NeDWK2uCHFH9YDgLcSKFuVQN8l&amp;source=gmail&amp;ust=1701248124371000&amp;usg=AOvVaw0vCT5EZSrRiYIGW_5zKCaM\">https:\/\/www.facebook.com\/borbolycsaba.ro\/posts\/pfbid0tbjDWJLYKZP1dZtmt49FmNHNK33KTHk2mSJxQE6NeDWK2uCHFH9YDgLcSKFuVQN8l<\/a><\/p>\n<p>&nbsp;<\/p>\n<p><b>4. Consultare<\/b><\/p>\n<p style=\"font-weight: 400;\">\u00cen timpul consult\u0103rii p\u0103r\u021bilor interesate desf\u0103\u0219urat\u0103 la Bruxelles, raportorul a colectat opinii\/idei\/comentarii cu privire la subiectele discutate.<br \/>\n<a style=\"text-transform: initial;\" href=\"https:\/\/cor.europa.eu\/hu\/events\/Pages\/cultural-policies-rural-areas.aspx\" data-saferedirecturl=\"https:\/\/www.google.com\/url?q=https:\/\/cor.europa.eu\/hu\/events\/Pages\/cultural-policies-rural-areas.aspx&amp;source=gmail&amp;ust=1701264168519000&amp;usg=AOvVaw22SutHl0IeV8xHzsiG-F_u\">https:\/\/cor.europa.eu\/hu\/events\/Pages\/cultural-policies-rural-areas.aspx<\/a><\/p>\n<p style=\"font-weight: 400;\">\u00cen septembrie a avut loc o consultare cu stakeholder relevan\u021bi din jude\u021bul Hargita:<\/p>\n<p style=\"font-weight: 400;\"><a href=\"https:\/\/docs.google.com\/forms\/d\/e\/1FAIpQLSdSrjodf1QwGhKs0NKgjLUAPxUuN4EL_TXB_uMNfWSAqAcoBQ\/viewform\" data-saferedirecturl=\"https:\/\/www.google.com\/url?q=https:\/\/docs.google.com\/forms\/d\/e\/1FAIpQLSdSrjodf1QwGhKs0NKgjLUAPxUuN4EL_TXB_uMNfWSAqAcoBQ\/viewform&amp;source=gmail&amp;ust=1701264168519000&amp;usg=AOvVaw20DcUuTbeVMbJtMwsIgpuO\">https:\/\/docs.google.com\/forms\/d\/e\/1FAIpQLSdSrjodf1QwGhKs0NKgjLUAPxUuN4EL_TXB_uMNfWSAqAcoBQ\/viewform<\/a><\/p>\n<p style=\"font-weight: 400;\"><strong><br \/>\n5. Adrese de sus\u021binere privind raportul CoR<\/strong><\/p>\n<p>&nbsp;<\/p>\n<p style=\"font-weight: 400;\"><a href=\"https:\/\/cor.borbolycsaba.ro\/wp-content\/uploads\/2023\/11\/SzandeknyilatkozatHajduBihar.pdf\">Adresa de sus\u021binere\u00a0din partea pre\u0219edintelui comitatului Hajd\u00fa-Bihar(Ungaria)<\/a><\/p>\n<p style=\"font-weight: 400;\"><a href=\"https:\/\/cor.borbolycsaba.ro\/wp-content\/uploads\/2023\/11\/AdresaAsocComunelorRO_326_27.10.2023.pdf\">Adresa de sus\u021binere din partea pre\u0219edintelui Asocia\u021biei Comunelor din Rom\u00e2nia<\/a><\/p>\n<p style=\"font-weight: 400;\"><a href=\"https:\/\/cor.borbolycsaba.ro\/wp-content\/uploads\/2023\/11\/CJ-Arges-Raspuns-CORRO.pdf\">Adresa de sus\u021binere\u00a0din partea pre\u0219edintelui Consiliului Jude\u021bean Arge\u0219<\/a><\/p>\n<p style=\"font-weight: 400;\"><a href=\"https:\/\/cor.borbolycsaba.ro\/wp-content\/uploads\/2023\/11\/CJ-Buzau-Raspuns-raport-COR.pdf\">Adresa de sus\u021binere\u00a0din partea pre\u0219edintelui Consiliului Jude\u021bean Buz\u0103u<\/a><\/p>\n<p style=\"font-weight: 400;\"><a href=\"https:\/\/cor.borbolycsaba.ro\/wp-content\/uploads\/2023\/11\/CL_Raport-COR.pdf\">Adresa de sus\u021binere\u00a0din partea pre\u0219edintelui Consiliului Jude\u021bean C\u0103l\u0103ra\u0219i<\/a><\/p>\n<p style=\"font-weight: 400;\"><a href=\"https:\/\/cor.borbolycsaba.ro\/wp-content\/uploads\/2023\/11\/GJ_-Raport-COR.pdf\">Adresa de sus\u021binere\u00a0din partea pre\u0219edintelui Consiliului Jude\u021bean Gorj<\/a><\/p>\n<p style=\"font-weight: 400;\"><a href=\"https:\/\/cor.borbolycsaba.ro\/wp-content\/uploads\/2023\/11\/CJ_MM_sustinere-Raportor-Borboly-Csaba10102023131715.pdf\">Adresa de sus\u021binere\u00a0din partea pre\u0219edintelui Consiliului Jude\u021bean Maramure\u0219<\/a><\/p>\n<p style=\"font-weight: 400;\"><a href=\"https:\/\/cor.borbolycsaba.ro\/wp-content\/uploads\/2023\/11\/CJ-Mures-Raspuns-raport-COR.pdf\">Adresa de sus\u021binere\u00a0din partea pre\u0219edintelui Consiliului Jude\u021bean Mure\u0219<\/a><\/p>\n<p style=\"font-weight: 400;\"><a href=\"https:\/\/cor.borbolycsaba.ro\/wp-content\/uploads\/2023\/11\/CJ_VN_Raspuns-Raport-COR.pdf\">Adresa de sus\u021binere\u00a0din partea pre\u0219edintelui Consiliului Jude\u021bean Vrancea<\/a><\/p>\n<p>&nbsp;<\/p>\n<p><a href=\"https:\/\/cor.borbolycsaba.ro\/ro\/wp-content\/uploads\/2023\/12\/COR-2023-03454-00-00-AC-TRA-RO.docx\"><strong>Forma final\u0103 a avizului<\/strong><\/a><\/p>\n","protected":false},"excerpt":{"rendered":"<p>\u00a0Comitetul European al Regiunilor (CoR) elaboreaz\u0103 un aviz privind promovarea politicilor culturale \u00een zonele rurale \u00een cadrul strategiilor de dezvoltare \u0219i coeziune teritorial\u0103 \u0219i al Agendei 2030. La 17 iulie, raportorul, dl Csaba Borboly (RO\/PPE), pre\u0219edintele Consiliului Jude\u021bean Harghita, \u00eempreun\u0103 cu expertul s\u0103u, dl L\u00e1szl\u00f3 Cs\u00e1k, s-au \u00eent\u00e2lnit cu reprezentan\u021bii organiza\u021biilor p\u0103r\u021bilor interesate relevante pentru [&hellip;]<\/p>\n","protected":false},"author":1,"featured_media":0,"parent":0,"menu_order":0,"comment_status":"closed","ping_status":"closed","template":"","meta":{"_bbp_topic_count":0,"_bbp_reply_count":0,"_bbp_total_topic_count":0,"_bbp_total_reply_count":0,"_bbp_voice_count":0,"_bbp_anonymous_reply_count":0,"_bbp_topic_count_hidden":0,"_bbp_reply_count_hidden":0,"_bbp_forum_subforum_count":0,"footnotes":""},"_links":{"self":[{"href":"https:\/\/cor.borbolycsaba.ro\/ro\/index.php?rest_route=\/wp\/v2\/pages\/1233"}],"collection":[{"href":"https:\/\/cor.borbolycsaba.ro\/ro\/index.php?rest_route=\/wp\/v2\/pages"}],"about":[{"href":"https:\/\/cor.borbolycsaba.ro\/ro\/index.php?rest_route=\/wp\/v2\/types\/page"}],"author":[{"embeddable":true,"href":"https:\/\/cor.borbolycsaba.ro\/ro\/index.php?rest_route=\/wp\/v2\/users\/1"}],"replies":[{"embeddable":true,"href":"https:\/\/cor.borbolycsaba.ro\/ro\/index.php?rest_route=%2Fwp%2Fv2%2Fcomments&post=1233"}],"version-history":[{"count":12,"href":"https:\/\/cor.borbolycsaba.ro\/ro\/index.php?rest_route=\/wp\/v2\/pages\/1233\/revisions"}],"predecessor-version":[{"id":1291,"href":"https:\/\/cor.borbolycsaba.ro\/ro\/index.php?rest_route=\/wp\/v2\/pages\/1233\/revisions\/1291"}],"wp:attachment":[{"href":"https:\/\/cor.borbolycsaba.ro\/ro\/index.php?rest_route=%2Fwp%2Fv2%2Fmedia&parent=1233"}],"curies":[{"name":"wp","href":"https:\/\/api.w.org\/{rel}","templated":true}]}}